{"id":11382,"date":"2019-01-21T13:54:58","date_gmt":"2019-01-21T12:54:58","guid":{"rendered":"https:\/\/www.medico.hr\/?page_id=11382"},"modified":"2025-10-08T14:43:45","modified_gmt":"2025-10-08T12:43:45","slug":"amministrazione-e-servizi","status":"publish","type":"page","link":"https:\/\/www.medico.hr\/it\/informazioni-sullospedale-specialistico-medico\/amministrazione-e-servizi\/","title":{"rendered":"AMMINISTRAZIONE E SERVIZI"},"content":{"rendered":"\n<p class=\"is-style-intro\">Seguendo la tradizione di continuo sviluppo e il coinvolgimento attivo della dirigenza nel conseguimento del miglioramento continuo dei processi aziendali, tutte le nostre attivit\u00e0 sono rivolte alle esigenze dei nostri pazienti.<\/p>\n\n\n\n<h2 class=\"wp-block-heading\">Direzione<\/h2>\n\n\n    <ul class=\"personnel-list-wrapper\">\r\n                    <li class=\"personnel-list-item\">\r\n\r\n                \r\n                                <div class=\"personnel-list-content personnel-no-image\">\r\n                    <h4 class=\"thumbnail-title mt-0 mb-3\">DIRETTORE<\/h4>\r\n                    <p>Prof. dr. sc. Davor \u0160timac, dr. med.<br \/>\n051 263 501<br \/>\n<a href=\"mailto:davor.stimac@medico.hr\">davor.stimac@medico.hr<\/a><\/p>\n                <\/div>\r\n            <\/li>\r\n                    <li class=\"personnel-list-item\">\r\n\r\n                \r\n                                <div class=\"personnel-list-content personnel-no-image\">\r\n                    <h4 class=\"thumbnail-title mt-0 mb-3\">VICEDIRETTRICE\/ DIRETTORE FINANZIARIO<\/h4>\r\n                    <p>Marko Slemen\u0161ek, mag.oec., univ.spec.oec.<br \/>\n051 263 501<br \/>\n<a href=\"mailto:marko.slemensek@medico.hr\" target=\"_blank\" rel=\"noopener\">marko.slemensek@medico.hr<\/a><\/p>\n                <\/div>\r\n            <\/li>\r\n                    <li class=\"personnel-list-item\">\r\n\r\n                \r\n                                <div class=\"personnel-list-content personnel-no-image\">\r\n                    <h4 class=\"thumbnail-title mt-0 mb-3\">Direttore SANITARIO<\/h4>\r\n                    <p>Aron Grube\u0161i\u0107, dr. med<br \/>\n051 263 501<br \/>\n<u><a href=\"mailto:aron.grubesic@medico.hr\" target=\"_blank\" rel=\"noopener\">aron.grubesic@medico.hr<\/a><\/u><\/p>\n                <\/div>\r\n            <\/li>\r\n                    <li class=\"personnel-list-item\">\r\n\r\n                \r\n                                <div class=\"personnel-list-content personnel-no-image\">\r\n                    <h4 class=\"thumbnail-title mt-0 mb-3\">ASSISTENTE DEL DIRETTORE PER LA QUALIT\u00c0<\/h4>\r\n                    <p>Prof. dr. sc. Toni Valkovi\u0107, dr. med.<br \/>\n051 263 501<br \/>\n<a href=\"mailto:toni.valkovic@medico.hr\" target=\"_blank\" rel=\"noopener\">toni.valkovic@medico.hr<\/a><\/p>\n                <\/div>\r\n            <\/li>\r\n                    <li class=\"personnel-list-item\">\r\n\r\n                \r\n                                <div class=\"personnel-list-content personnel-no-image\">\r\n                    <h4 class=\"thumbnail-title mt-0 mb-3\">ASSISTENTE DELL DIRETTORE PER L\u2019ASSISTENZA INFERMIERISTICA<\/h4>\r\n                    <p>Irena Miholjevi\u0107, mag. med. techn.<br \/>\n051 263 501<br \/>\n<a href=\"mailto:irena.miholjevic@medico.hr\" target=\"_blank\" rel=\"noopener\">irena.miholjevic@medico.hr<\/a><\/p>\n                <\/div>\r\n            <\/li>\r\n                    <li class=\"personnel-list-item\">\r\n\r\n                \r\n                                <div class=\"personnel-list-content personnel-no-image\">\r\n                    <h4 class=\"thumbnail-title mt-0 mb-3\">RESPONSABILE DELLA SEDE DI POLA<\/h4>\r\n                    <p>Branka Mori\u0107 Pauleti\u0107, dr.med.<br \/>\n052 633 333<br \/>\n<a href=\"mailto:branka.moric-pauletic@medico.hr\" target=\"_blank\" rel=\"noopener\">branka.moric-pauletic@medico.hr<\/a><\/p>\n                <\/div>\r\n            <\/li>\r\n            <\/ul>\r\n\n\n\n<h2 class=\"wp-block-heading\">Servizi<\/h2>\n\n\n    <ul class=\"personnel-list-wrapper\">\r\n                    <li class=\"personnel-list-item\">\r\n\r\n                \r\n                                <div class=\"personnel-list-content personnel-no-image\">\r\n                    <h4 class=\"thumbnail-title mt-0 mb-3\">UFFICIO LEGALE, RISORSE UMANE E AFFARI GENERALI<\/h4>\r\n                    <p>Olgica Jurkovi\u0107 Gla\u017ear, dipl.iur.<br \/>\nVoditeljica pravnih, kadrovskih i op\u0107ih poslova<br \/>\n098 466 824<br \/>\n<a href=\"mailto:olgica.jurkovic-glazar@medico.hr\" target=\"_blank\" rel=\"noopener\">olgica.jurkovic-glazar@medico.hr<\/a><\/p>\n                <\/div>\r\n            <\/li>\r\n                    <li class=\"personnel-list-item\">\r\n\r\n                \r\n                                <div class=\"personnel-list-content personnel-no-image\">\r\n                    <h4 class=\"thumbnail-title mt-0 mb-3\">AFFARI ECONOMICO-FINANZIARI<\/h4>\r\n                    <p>Vanja Tatalovi\u0107, mag.oec., univ.spec.oec.<br \/>\nVoditeljica odjela ekonomsko-financijskih poslova<br \/>\n091 544 74 13<br \/>\n<a href=\"mailto:vanja.tatalovic@medico.hr\" target=\"_blank\" rel=\"noopener\">vanja.tatalovic@medico.hr<\/a><br \/>\n<a href=\"mailto:racunovodstvo@medico.hr\" target=\"_blank\" rel=\"noopener\">racunovodstvo@medico.hr<\/a><\/p>\n                <\/div>\r\n            <\/li>\r\n                    <li class=\"personnel-list-item\">\r\n\r\n                \r\n                                <div class=\"personnel-list-content personnel-no-image\">\r\n                    <h4 class=\"thumbnail-title mt-0 mb-3\">ACCOGLIENZA PAZIENTI CON CALL CENTER<\/h4>\r\n                    <p>Tanja Grdovi\u0107, dipl. oec.<br \/>\nVoditeljica prijama pacijenata s pozivnim centrom<br \/>\n072 100 700<br \/>\n099 383 75 23<br \/>\n<a href=\"mailto:medico@medico.hr\" target=\"_blank\" rel=\"noopener\">medico@medico.hr<\/a><br \/>\n<a href=\"mailto:tanja.grdovic@medico.hr\" target=\"_blank\" rel=\"noopener\">tanja.grdovic@medico.hr<\/a><\/p>\n                <\/div>\r\n            <\/li>\r\n                    <li class=\"personnel-list-item\">\r\n\r\n                \r\n                                <div class=\"personnel-list-content personnel-no-image\">\r\n                    <h4 class=\"thumbnail-title mt-0 mb-3\">REPARTO VENDITE<\/h4>\r\n                    <p>Martina Savi\u0107, univ.spec.oec.<br \/>\nVoditeljica prodaje i EU Fondova<br \/>\n051 263 501<br \/>\n099 813 88 64<br \/>\n<a href=\"mailto:martina.savic@medico.hr\" target=\"_blank\" rel=\"noopener\">martina.savic@medico.hr<\/a><\/p>\n                <\/div>\r\n            <\/li>\r\n                    <li class=\"personnel-list-item\">\r\n\r\n                \r\n                                <div class=\"personnel-list-content personnel-no-image\">\r\n                    <h4 class=\"thumbnail-title mt-0 mb-3\">MARKETING E FONDI EUROPEI<\/h4>\r\n                    <p>Martina Babi\u0107, mag. oec.<br \/>\nStru\u010dni suradnik za marketing<br \/>\n051 263 501<br \/>\n099 813 88 65<br \/>\n<a href=\"mailto:martina.babic@medico.hr\" target=\"_blank\" rel=\"noopener\">martina.babic@medico.hr<\/a><\/p>\n                <\/div>\r\n            <\/li>\r\n                    <li class=\"personnel-list-item\">\r\n\r\n                \r\n                                <div class=\"personnel-list-content personnel-no-image\">\r\n                    <h4 class=\"thumbnail-title mt-0 mb-3\">SERVIZIO DI INFORMATICA E SUPPORTO TECNICO<\/h4>\r\n                    <p>Ivan Belamari\u0107, mag.ing.<br \/>\nVoditelj slu\u017ebe informatike i tehni\u010dke podr\u0161ke<br \/>\n<a href=\"mailto:ivan.belamaric@medico.hr\" target=\"_blank\" rel=\"noopener\">ivan.belamaric@medico.hr<\/a><\/p>\n                <\/div>\r\n            <\/li>\r\n            <\/ul>\r\n","protected":false},"excerpt":{"rendered":"<p>Seguendo la tradizione di continuo sviluppo e il coinvolgimento attivo della dirigenza nel conseguimento del miglioramento continuo dei processi aziendali,&#8230;<\/p>\n","protected":false},"author":1,"featured_media":0,"parent":11369,"menu_order":1,"comment_status":"closed","ping_status":"closed","template":"","meta":{"_acf_changed":false,"footnotes":""},"class_list":["post-11382","page","type-page","status-publish","hentry"],"acf":[],"yoast_head":"<!-- This site is optimized with the Yoast SEO plugin v27.5 - https:\/\/yoast.com\/product\/yoast-seo-wordpress\/ -->\n<title>AMMINISTRAZIONE E SERVIZI | Ospedale Specialistico Medico<\/title>\n<meta name=\"description\" content=\"Seguendo la tradizione di continuo sviluppo e il coinvolgimento attivo della dirigenza nel conseguimento del miglioramento continuo dei processi\" \/>\n<meta name=\"robots\" content=\"index, follow, max-snippet:-1, max-image-preview:large, max-video-preview:-1\" \/>\n<link rel=\"canonical\" href=\"https:\/\/www.medico.hr\/it\/informazioni-sullospedale-specialistico-medico\/amministrazione-e-servizi\/\" \/>\n<meta property=\"og:locale\" content=\"it_IT\" \/>\n<meta property=\"og:type\" content=\"article\" \/>\n<meta property=\"og:title\" content=\"AMMINISTRAZIONE E SERVIZI | Ospedale Specialistico Medico\" \/>\n<meta property=\"og:description\" content=\"Seguendo la tradizione di continuo sviluppo e il coinvolgimento attivo della dirigenza nel conseguimento del miglioramento continuo dei processi\" \/>\n<meta property=\"og:url\" content=\"https:\/\/www.medico.hr\/it\/informazioni-sullospedale-specialistico-medico\/amministrazione-e-servizi\/\" \/>\n<meta property=\"og:site_name\" content=\"Ospedale Specialistico Medico\" \/>\n<meta property=\"article:modified_time\" content=\"2025-10-08T12:43:45+00:00\" \/>\n<meta name=\"twitter:card\" content=\"summary_large_image\" \/>\n<script type=\"application\/ld+json\" class=\"yoast-schema-graph\">{\"@context\":\"https:\\\/\\\/schema.org\",\"@graph\":[{\"@type\":\"WebPage\",\"@id\":\"https:\\\/\\\/www.medico.hr\\\/it\\\/informazioni-sullospedale-specialistico-medico\\\/amministrazione-e-servizi\\\/\",\"url\":\"https:\\\/\\\/www.medico.hr\\\/it\\\/informazioni-sullospedale-specialistico-medico\\\/amministrazione-e-servizi\\\/\",\"name\":\"AMMINISTRAZIONE E SERVIZI | Ospedale Specialistico Medico\",\"isPartOf\":{\"@id\":\"https:\\\/\\\/www.medico.hr\\\/it\\\/#website\"},\"datePublished\":\"2019-01-21T12:54:58+00:00\",\"dateModified\":\"2025-10-08T12:43:45+00:00\",\"description\":\"Seguendo la tradizione di continuo sviluppo e il coinvolgimento attivo della dirigenza nel conseguimento del miglioramento continuo dei processi\",\"breadcrumb\":{\"@id\":\"https:\\\/\\\/www.medico.hr\\\/it\\\/informazioni-sullospedale-specialistico-medico\\\/amministrazione-e-servizi\\\/#breadcrumb\"},\"inLanguage\":\"it-IT\",\"potentialAction\":[{\"@type\":\"ReadAction\",\"target\":[\"https:\\\/\\\/www.medico.hr\\\/it\\\/informazioni-sullospedale-specialistico-medico\\\/amministrazione-e-servizi\\\/\"]}]},{\"@type\":\"BreadcrumbList\",\"@id\":\"https:\\\/\\\/www.medico.hr\\\/it\\\/informazioni-sullospedale-specialistico-medico\\\/amministrazione-e-servizi\\\/#breadcrumb\",\"itemListElement\":[{\"@type\":\"ListItem\",\"position\":1,\"name\":\"Po\u010detna\",\"item\":\"https:\\\/\\\/www.medico.hr\\\/it\\\/\"},{\"@type\":\"ListItem\",\"position\":2,\"name\":\"Informazioni sull\u2019Ospedale Specialistico Medico\",\"item\":\"https:\\\/\\\/www.medico.hr\\\/it\\\/informazioni-sullospedale-specialistico-medico\\\/\"},{\"@type\":\"ListItem\",\"position\":3,\"name\":\"AMMINISTRAZIONE E SERVIZI\"}]},{\"@type\":\"WebSite\",\"@id\":\"https:\\\/\\\/www.medico.hr\\\/it\\\/#website\",\"url\":\"https:\\\/\\\/www.medico.hr\\\/it\\\/\",\"name\":\"Specijalna bolnica Medico\",\"description\":\"In un solo giorno, in un solo luogo\",\"publisher\":{\"@id\":\"https:\\\/\\\/www.medico.hr\\\/it\\\/#organization\"},\"potentialAction\":[{\"@type\":\"SearchAction\",\"target\":{\"@type\":\"EntryPoint\",\"urlTemplate\":\"https:\\\/\\\/www.medico.hr\\\/it\\\/?s={search_term_string}\"},\"query-input\":{\"@type\":\"PropertyValueSpecification\",\"valueRequired\":true,\"valueName\":\"search_term_string\"}}],\"inLanguage\":\"it-IT\"},{\"@type\":\"Organization\",\"@id\":\"https:\\\/\\\/www.medico.hr\\\/it\\\/#organization\",\"name\":\"Specijalna bolnica Medico\",\"url\":\"https:\\\/\\\/www.medico.hr\\\/it\\\/\",\"logo\":{\"@type\":\"ImageObject\",\"inLanguage\":\"it-IT\",\"@id\":\"https:\\\/\\\/www.medico.hr\\\/it\\\/#\\\/schema\\\/logo\\\/image\\\/\",\"url\":\"https:\\\/\\\/www.medico.hr\\\/wp-content\\\/uploads\\\/2022\\\/03\\\/logo-medico.png\",\"contentUrl\":\"https:\\\/\\\/www.medico.hr\\\/wp-content\\\/uploads\\\/2022\\\/03\\\/logo-medico.png\",\"width\":391,\"height\":101,\"caption\":\"Specijalna bolnica Medico\"},\"image\":{\"@id\":\"https:\\\/\\\/www.medico.hr\\\/it\\\/#\\\/schema\\\/logo\\\/image\\\/\"}}]}<\/script>\n<!-- \/ Yoast SEO plugin. -->","yoast_head_json":{"title":"AMMINISTRAZIONE E SERVIZI | Ospedale Specialistico Medico","description":"Seguendo la tradizione di continuo sviluppo e il coinvolgimento attivo della dirigenza nel conseguimento del miglioramento continuo dei processi","robots":{"index":"index","follow":"follow","max-snippet":"max-snippet:-1","max-image-preview":"max-image-preview:large","max-video-preview":"max-video-preview:-1"},"canonical":"https:\/\/www.medico.hr\/it\/informazioni-sullospedale-specialistico-medico\/amministrazione-e-servizi\/","og_locale":"it_IT","og_type":"article","og_title":"AMMINISTRAZIONE E SERVIZI | Ospedale Specialistico Medico","og_description":"Seguendo la tradizione di continuo sviluppo e il coinvolgimento attivo della dirigenza nel conseguimento del miglioramento continuo dei processi","og_url":"https:\/\/www.medico.hr\/it\/informazioni-sullospedale-specialistico-medico\/amministrazione-e-servizi\/","og_site_name":"Ospedale Specialistico Medico","article_modified_time":"2025-10-08T12:43:45+00:00","twitter_card":"summary_large_image","schema":{"@context":"https:\/\/schema.org","@graph":[{"@type":"WebPage","@id":"https:\/\/www.medico.hr\/it\/informazioni-sullospedale-specialistico-medico\/amministrazione-e-servizi\/","url":"https:\/\/www.medico.hr\/it\/informazioni-sullospedale-specialistico-medico\/amministrazione-e-servizi\/","name":"AMMINISTRAZIONE E SERVIZI | Ospedale Specialistico Medico","isPartOf":{"@id":"https:\/\/www.medico.hr\/it\/#website"},"datePublished":"2019-01-21T12:54:58+00:00","dateModified":"2025-10-08T12:43:45+00:00","description":"Seguendo la tradizione di continuo sviluppo e il coinvolgimento attivo della dirigenza nel conseguimento del miglioramento continuo dei processi","breadcrumb":{"@id":"https:\/\/www.medico.hr\/it\/informazioni-sullospedale-specialistico-medico\/amministrazione-e-servizi\/#breadcrumb"},"inLanguage":"it-IT","potentialAction":[{"@type":"ReadAction","target":["https:\/\/www.medico.hr\/it\/informazioni-sullospedale-specialistico-medico\/amministrazione-e-servizi\/"]}]},{"@type":"BreadcrumbList","@id":"https:\/\/www.medico.hr\/it\/informazioni-sullospedale-specialistico-medico\/amministrazione-e-servizi\/#breadcrumb","itemListElement":[{"@type":"ListItem","position":1,"name":"Po\u010detna","item":"https:\/\/www.medico.hr\/it\/"},{"@type":"ListItem","position":2,"name":"Informazioni sull\u2019Ospedale Specialistico Medico","item":"https:\/\/www.medico.hr\/it\/informazioni-sullospedale-specialistico-medico\/"},{"@type":"ListItem","position":3,"name":"AMMINISTRAZIONE E SERVIZI"}]},{"@type":"WebSite","@id":"https:\/\/www.medico.hr\/it\/#website","url":"https:\/\/www.medico.hr\/it\/","name":"Specijalna bolnica Medico","description":"In un solo giorno, in un solo luogo","publisher":{"@id":"https:\/\/www.medico.hr\/it\/#organization"},"potentialAction":[{"@type":"SearchAction","target":{"@type":"EntryPoint","urlTemplate":"https:\/\/www.medico.hr\/it\/?s={search_term_string}"},"query-input":{"@type":"PropertyValueSpecification","valueRequired":true,"valueName":"search_term_string"}}],"inLanguage":"it-IT"},{"@type":"Organization","@id":"https:\/\/www.medico.hr\/it\/#organization","name":"Specijalna bolnica Medico","url":"https:\/\/www.medico.hr\/it\/","logo":{"@type":"ImageObject","inLanguage":"it-IT","@id":"https:\/\/www.medico.hr\/it\/#\/schema\/logo\/image\/","url":"https:\/\/www.medico.hr\/wp-content\/uploads\/2022\/03\/logo-medico.png","contentUrl":"https:\/\/www.medico.hr\/wp-content\/uploads\/2022\/03\/logo-medico.png","width":391,"height":101,"caption":"Specijalna bolnica Medico"},"image":{"@id":"https:\/\/www.medico.hr\/it\/#\/schema\/logo\/image\/"}}]}},"_links":{"self":[{"href":"https:\/\/www.medico.hr\/it\/wp-json\/wp\/v2\/pages\/11382","targetHints":{"allow":["GET"]}}],"collection":[{"href":"https:\/\/www.medico.hr\/it\/wp-json\/wp\/v2\/pages"}],"about":[{"href":"https:\/\/www.medico.hr\/it\/wp-json\/wp\/v2\/types\/page"}],"author":[{"embeddable":true,"href":"https:\/\/www.medico.hr\/it\/wp-json\/wp\/v2\/users\/1"}],"replies":[{"embeddable":true,"href":"https:\/\/www.medico.hr\/it\/wp-json\/wp\/v2\/comments?post=11382"}],"version-history":[{"count":4,"href":"https:\/\/www.medico.hr\/it\/wp-json\/wp\/v2\/pages\/11382\/revisions"}],"predecessor-version":[{"id":12059,"href":"https:\/\/www.medico.hr\/it\/wp-json\/wp\/v2\/pages\/11382\/revisions\/12059"}],"up":[{"embeddable":true,"href":"https:\/\/www.medico.hr\/it\/wp-json\/wp\/v2\/pages\/11369"}],"wp:attachment":[{"href":"https:\/\/www.medico.hr\/it\/wp-json\/wp\/v2\/media?parent=11382"}],"curies":[{"name":"wp","href":"https:\/\/api.w.org\/{rel}","templated":true}]}}